{"id":854,"date":"2018-08-30T08:43:45","date_gmt":"2018-08-30T11:43:45","guid":{"rendered":"http:\/\/planmur.com.br\/?page_id=854"},"modified":"2018-08-30T09:14:29","modified_gmt":"2018-08-30T12:14:29","slug":"eivs2013","status":"publish","type":"page","link":"https:\/\/planmur.com.br\/?page_id=854","title":{"rendered":"EIVS2013"},"content":{"rendered":"<div id=\"pl-854\"  class=\"panel-layout\" ><div id=\"pg-854-0\"  class=\"panel-grid panel-no-style\" ><div id=\"pgc-854-0-0\"  class=\"panel-grid-cell panel-grid-cell-empty\" ><\/div><div id=\"pgc-854-0-1\"  class=\"panel-grid-cell panel-grid-cell-mobile-last\" ><div id=\"panel-854-0-1-0\" class=\"so-panel widget widget_black-studio-tinymce widget_black_studio_tinymce panel-first-child panel-last-child\" data-index=\"0\" ><div class=\"textwidget\"><p><img loading=\"lazy\" decoding=\"async\" class=\"alignnone size-full wp-image-859\" src=\"http:\/\/planmur.com.br\/wp-content\/uploads\/2018\/08\/TIT_EIVS_2013.jpg\" alt=\"\" width=\"971\" height=\"38\" srcset=\"https:\/\/planmur.com.br\/wp-content\/uploads\/2018\/08\/TIT_EIVS_2013.jpg 971w, https:\/\/planmur.com.br\/wp-content\/uploads\/2018\/08\/TIT_EIVS_2013-300x12.jpg 300w, https:\/\/planmur.com.br\/wp-content\/uploads\/2018\/08\/TIT_EIVS_2013-768x30.jpg 768w\" sizes=\"auto, (max-width: 971px) 100vw, 971px\" \/><br \/>\n<span style=\"font-family: helvetica, arial, sans-serif;\"><strong>001 EIV Comercial em S\u00e3o Jos\u00e9 dos Campos \u2013 SP<br \/>\n<\/strong><\/span><\/p>\n<p><div id='gallery-1' class='gallery galleryid-854 gallery-columns-1 gallery-size-medium'><figure class='gallery-item'>\n\t\t\t<div class='gallery-icon landscape'>\n\t\t\t\t<a href='https:\/\/planmur.com.br\/wp-content\/uploads\/2018\/08\/EIVS_03.jpg' title=\"\" data-rl_title=\"\" class=\"rl-gallery-link\" data-rl_caption=\"\" data-rel=\"lightbox-gallery-1\"><img loading=\"lazy\" decoding=\"async\" width=\"300\" height=\"210\" src=\"https:\/\/planmur.com.br\/wp-content\/uploads\/2018\/08\/EIVS_03-300x210.jpg\" class=\"attachment-medium size-medium\" alt=\"\" srcset=\"https:\/\/planmur.com.br\/wp-content\/uploads\/2018\/08\/EIVS_03-300x210.jpg 300w, https:\/\/planmur.com.br\/wp-content\/uploads\/2018\/08\/EIVS_03.jpg 650w\" sizes=\"auto, (max-width: 300px) 100vw, 300px\" \/><\/a>\n\t\t\t<\/div><\/figure>\n\t\t<\/div>\n<\/p>\n<p style=\"text-align: justify;\"><span style=\"font-family: helvetica, arial, sans-serif; font-size: 14px;\"><strong>Descri\u00e7\u00e3o:<\/strong> Elabora\u00e7\u00e3o de um Estudo de Impacto de Vizinhan\u00e7a para aprova\u00e7\u00e3o de empreendimento comercial localizado em S\u00e3o Jos\u00e9 dos Campos \u2013 SP.<br \/>\n<\/span><\/p>\n<p><span style=\"font-family: helvetica, arial, sans-serif; font-size: 14px;\"><strong>Localiza\u00e7\u00e3o:\u00a0<\/strong>Av. Presidente Juscelino Kubitschek de Oliveira, Vila Industrial, S\u00e3o Jos\u00e9 dos Campos \u2013 SP<\/span><\/p>\n<p><span style=\"font-family: helvetica, arial, sans-serif; font-size: 14px;\"><strong>Contratante: <\/strong>HAVAN LOJAS DE DEPARTAMENTOS LTDA<br \/>\n<\/span><\/p>\n<p><span style=\"font-family: helvetica, arial, sans-serif; font-size: 14px;\"><strong>Elabora\u00e7\u00e3o:<\/strong> Julho\/2013<br \/>\n<\/span><\/p>\n<p><span style=\"font-family: helvetica, arial, sans-serif; font-size: 14px;\"><strong>Aprova\u00e7\u00e3o:<\/strong> Agosto\/2013<br \/>\n<\/span><\/p>\n<p><span style=\"font-family: helvetica, arial, sans-serif; font-size: 14px;\"><strong>C\u00f3d Planmur:<\/strong> 2013-148<br \/>\n<\/span><\/p>\n<p>&nbsp;<\/p>\n<p><span style=\"font-family: helvetica, arial, sans-serif;\"><strong>002 EIV Complexo Multiuso em Piracicaba \u2013 SP<br \/>\n<\/strong><\/span><\/p>\n<p><div id='gallery-2' class='gallery galleryid-854 gallery-columns-2 gallery-size-medium'><figure class='gallery-item'>\n\t\t\t<div class='gallery-icon landscape'>\n\t\t\t\t<a href='https:\/\/planmur.com.br\/wp-content\/uploads\/2018\/08\/EIVS_04.jpg' title=\"\" data-rl_title=\"\" class=\"rl-gallery-link\" data-rl_caption=\"\" data-rel=\"lightbox-gallery-2\"><img loading=\"lazy\" decoding=\"async\" width=\"300\" height=\"184\" src=\"https:\/\/planmur.com.br\/wp-content\/uploads\/2018\/08\/EIVS_04-300x184.jpg\" class=\"attachment-medium size-medium\" alt=\"\" srcset=\"https:\/\/planmur.com.br\/wp-content\/uploads\/2018\/08\/EIVS_04-300x184.jpg 300w, https:\/\/planmur.com.br\/wp-content\/uploads\/2018\/08\/EIVS_04.jpg 650w\" sizes=\"auto, (max-width: 300px) 100vw, 300px\" \/><\/a>\n\t\t\t<\/div><\/figure><figure class='gallery-item'>\n\t\t\t<div class='gallery-icon landscape'>\n\t\t\t\t<a href='https:\/\/planmur.com.br\/wp-content\/uploads\/2018\/08\/EIVS_05.jpg' title=\"\" data-rl_title=\"\" class=\"rl-gallery-link\" data-rl_caption=\"\" data-rel=\"lightbox-gallery-2\"><img loading=\"lazy\" decoding=\"async\" width=\"300\" height=\"184\" src=\"https:\/\/planmur.com.br\/wp-content\/uploads\/2018\/08\/EIVS_05-300x184.jpg\" class=\"attachment-medium size-medium\" alt=\"\" srcset=\"https:\/\/planmur.com.br\/wp-content\/uploads\/2018\/08\/EIVS_05-300x184.jpg 300w, https:\/\/planmur.com.br\/wp-content\/uploads\/2018\/08\/EIVS_05.jpg 650w\" sizes=\"auto, (max-width: 300px) 100vw, 300px\" \/><\/a>\n\t\t\t<\/div><\/figure>\n\t\t<\/div>\n<\/p>\n<p style=\"text-align: justify;\"><span style=\"font-family: helvetica, arial, sans-serif; font-size: 14px;\"><strong>Descri\u00e7\u00e3o:<\/strong> Elabora\u00e7\u00e3o de um Estudo de Impacto de Vizinhan\u00e7a de um complexo multiuso na \u00e1rea que outrora funcionava a F\u00e1brica da Boyes que abrigar\u00e1 conjuntos residencial, comercial, um Shopping Center e um hotel.<br \/>\n<\/span><\/p>\n<p><span style=\"font-family: helvetica, arial, sans-serif; font-size: 14px;\"><strong>Localiza\u00e7\u00e3o:\u00a0<\/strong>Rua Ant\u00f4nio Correia Barbosa, Centro, Piracicaba \u2013 SP <\/span><\/p>\n<p><span style=\"font-family: helvetica, arial, sans-serif; font-size: 14px;\"><strong>Contratante: <\/strong>SPE PIRACICABA EMPREENDIMENTO IMOBILI\u00c1RIO LTDA<br \/>\n<\/span><\/p>\n<p><span style=\"font-family: helvetica, arial, sans-serif; font-size: 14px;\"><strong>Elabora\u00e7\u00e3o:<\/strong> Outubro\/2013<br \/>\n<\/span><\/p>\n<p><span style=\"font-family: helvetica, arial, sans-serif; font-size: 14px;\"><strong>Aprova\u00e7\u00e3o:<\/strong> Outubro\/2014<br \/>\n<\/span><\/p>\n<p><span style=\"font-family: helvetica, arial, sans-serif; font-size: 14px;\"><strong>C\u00f3d Planmur:<\/strong> 2013-167<br \/>\n<\/span><\/p>\n<\/div><\/div><\/div><div id=\"pgc-854-0-2\"  class=\"panel-grid-cell panel-grid-cell-empty\" ><\/div><\/div><\/div>","protected":false},"excerpt":{"rendered":"<p>001 EIV Comercial em S\u00e3o Jos\u00e9 dos Campos \u2013 SP Descri\u00e7\u00e3o: Elabora\u00e7\u00e3o de um Estudo de Impacto de Vizinhan\u00e7a para aprova\u00e7\u00e3o de empreendimento comercial localizado em S\u00e3o Jos\u00e9 dos Campos \u2013 SP. Localiza\u00e7\u00e3o:\u00a0Av. Presidente Juscelino Kubitschek de Oliveira, Vila Industrial,<\/p>\n","protected":false},"author":1,"featured_media":0,"parent":0,"menu_order":450,"comment_status":"closed","ping_status":"closed","template":"","meta":{"footnotes":""},"class_list":["post-854","page","type-page","status-publish","hentry"],"_links":{"self":[{"href":"https:\/\/planmur.com.br\/index.php?rest_route=\/wp\/v2\/pages\/854","targetHints":{"allow":["GET"]}}],"collection":[{"href":"https:\/\/planmur.com.br\/index.php?rest_route=\/wp\/v2\/pages"}],"about":[{"href":"https:\/\/planmur.com.br\/index.php?rest_route=\/wp\/v2\/types\/page"}],"author":[{"embeddable":true,"href":"https:\/\/planmur.com.br\/index.php?rest_route=\/wp\/v2\/users\/1"}],"replies":[{"embeddable":true,"href":"https:\/\/planmur.com.br\/index.php?rest_route=%2Fwp%2Fv2%2Fcomments&post=854"}],"version-history":[{"count":17,"href":"https:\/\/planmur.com.br\/index.php?rest_route=\/wp\/v2\/pages\/854\/revisions"}],"predecessor-version":[{"id":894,"href":"https:\/\/planmur.com.br\/index.php?rest_route=\/wp\/v2\/pages\/854\/revisions\/894"}],"wp:attachment":[{"href":"https:\/\/planmur.com.br\/index.php?rest_route=%2Fwp%2Fv2%2Fmedia&parent=854"}],"curies":[{"name":"wp","href":"https:\/\/api.w.org\/{rel}","templated":true}]}}