{"id":607,"date":"2018-07-30T17:40:06","date_gmt":"2018-07-30T20:40:06","guid":{"rendered":"http:\/\/planmur.com.br\/?page_id=607"},"modified":"2018-07-30T18:07:39","modified_gmt":"2018-07-30T21:07:39","slug":"planmobs2014","status":"publish","type":"page","link":"https:\/\/planmur.com.br\/?page_id=607","title":{"rendered":"PLANMOBS2014"},"content":{"rendered":"<div id=\"pl-607\"  class=\"panel-layout\" ><div id=\"pg-607-0\"  class=\"panel-grid panel-no-style\" ><div id=\"pgc-607-0-0\"  class=\"panel-grid-cell panel-grid-cell-empty\" ><\/div><div id=\"pgc-607-0-1\"  class=\"panel-grid-cell panel-grid-cell-mobile-last\" ><div id=\"panel-607-0-1-0\" class=\"so-panel widget widget_black-studio-tinymce widget_black_studio_tinymce panel-first-child panel-last-child\" data-index=\"0\" ><div class=\"textwidget\"><p><img loading=\"lazy\" decoding=\"async\" class=\"alignnone size-full wp-image-610\" src=\"http:\/\/planmur.com.br\/wp-content\/uploads\/2018\/07\/TIT_PLANMOBS_2014.jpg\" alt=\"\" width=\"971\" height=\"38\" srcset=\"https:\/\/planmur.com.br\/wp-content\/uploads\/2018\/07\/TIT_PLANMOBS_2014.jpg 971w, https:\/\/planmur.com.br\/wp-content\/uploads\/2018\/07\/TIT_PLANMOBS_2014-300x12.jpg 300w, https:\/\/planmur.com.br\/wp-content\/uploads\/2018\/07\/TIT_PLANMOBS_2014-768x30.jpg 768w\" sizes=\"auto, (max-width: 971px) 100vw, 971px\" \/><br \/>\n<span style=\"font-family: helvetica, arial, sans-serif;\"><strong>001 Revis\u00e3o de Lei de PGT em S\u00e3o Jos\u00e9 dos Campos<br \/>\n<\/strong><\/span><\/p>\n<p><div id='gallery-1' class='gallery galleryid-607 gallery-columns-2 gallery-size-medium'><figure class='gallery-item'>\n\t\t\t<div class='gallery-icon landscape'>\n\t\t\t\t<a href='https:\/\/planmur.com.br\/wp-content\/uploads\/2018\/07\/FIG_PLMB_04.jpg' title=\"\" data-rl_title=\"\" class=\"rl-gallery-link\" data-rl_caption=\"\" data-rel=\"lightbox-gallery-1\"><img loading=\"lazy\" decoding=\"async\" width=\"300\" height=\"209\" src=\"https:\/\/planmur.com.br\/wp-content\/uploads\/2018\/07\/FIG_PLMB_04-300x209.jpg\" class=\"attachment-medium size-medium\" alt=\"\" srcset=\"https:\/\/planmur.com.br\/wp-content\/uploads\/2018\/07\/FIG_PLMB_04-300x209.jpg 300w, https:\/\/planmur.com.br\/wp-content\/uploads\/2018\/07\/FIG_PLMB_04.jpg 717w\" sizes=\"auto, (max-width: 300px) 100vw, 300px\" \/><\/a>\n\t\t\t<\/div><\/figure><figure class='gallery-item'>\n\t\t\t<div class='gallery-icon landscape'>\n\t\t\t\t<a href='https:\/\/planmur.com.br\/wp-content\/uploads\/2018\/07\/FIG_PLMB_05.jpg' title=\"\" data-rl_title=\"\" class=\"rl-gallery-link\" data-rl_caption=\"\" data-rel=\"lightbox-gallery-1\"><img loading=\"lazy\" decoding=\"async\" width=\"300\" height=\"209\" src=\"https:\/\/planmur.com.br\/wp-content\/uploads\/2018\/07\/FIG_PLMB_05-300x209.jpg\" class=\"attachment-medium size-medium\" alt=\"\" srcset=\"https:\/\/planmur.com.br\/wp-content\/uploads\/2018\/07\/FIG_PLMB_05-300x209.jpg 300w, https:\/\/planmur.com.br\/wp-content\/uploads\/2018\/07\/FIG_PLMB_05.jpg 717w\" sizes=\"auto, (max-width: 300px) 100vw, 300px\" \/><\/a>\n\t\t\t<\/div><\/figure>\n\t\t<\/div>\n<\/p>\n<p style=\"text-align: justify;\"><span style=\"font-family: helvetica, arial, sans-serif; font-size: 14px;\"><strong>Descri\u00e7\u00e3o:<\/strong> Revis\u00e3o da legisla\u00e7\u00e3o de Polos Geradores de Tr\u00e1fego em S\u00e3o Jos\u00e9 dos Campos, estabelecendo par\u00e2metros claros de an\u00e1lise e de necessidade de elabora\u00e7\u00e3o de Relat\u00f3rio de Impactos de Tr\u00e2nsito (RIT)s.<br \/>\n<\/span><\/p>\n<p><span style=\"font-family: helvetica, arial, sans-serif; font-size: 14px;\"><strong>Localiza\u00e7\u00e3o:\u00a0<\/strong>S\u00e3o Jos\u00e9 dos Campos- SP<\/span><\/p>\n<p><span style=\"font-family: helvetica, arial, sans-serif; font-size: 14px;\"><strong>Contratante:<\/strong> Prefeitura de S\u00e3o Jos\u00e9 dos Campos<br \/>\n<\/span><\/p>\n<p><span style=\"font-family: helvetica, arial, sans-serif; font-size: 14px;\"><strong>Elabora\u00e7\u00e3o:<\/strong> Julho\/2014<br \/>\n<\/span><\/p>\n<p><span style=\"font-family: helvetica, arial, sans-serif; font-size: 14px;\"><strong>Aprova\u00e7\u00e3o:<\/strong> Outubro\/2014<br \/>\n<\/span><\/p>\n<p><span style=\"font-family: helvetica, arial, sans-serif; font-size: 14px;\"><strong>C\u00f3d Planmur :<\/strong> 2014-150<br \/>\n<\/span><\/p>\n<p>&nbsp;<\/p>\n<p><span style=\"font-family: helvetica, arial, sans-serif;\"><strong>002 Revis\u00e3o do Plano de Mobilidade Urbana do Munic\u00edpio de Hortol\u00e2ndia<br \/>\n<\/strong><\/span><\/p>\n<p><div id='gallery-2' class='gallery galleryid-607 gallery-columns-2 gallery-size-medium'><figure class='gallery-item'>\n\t\t\t<div class='gallery-icon landscape'>\n\t\t\t\t<a href='https:\/\/planmur.com.br\/wp-content\/uploads\/2018\/07\/FIG_PLMB_06.jpg' title=\"\" data-rl_title=\"\" class=\"rl-gallery-link\" data-rl_caption=\"\" data-rel=\"lightbox-gallery-2\"><img loading=\"lazy\" decoding=\"async\" width=\"300\" height=\"213\" src=\"https:\/\/planmur.com.br\/wp-content\/uploads\/2018\/07\/FIG_PLMB_06-300x213.jpg\" class=\"attachment-medium size-medium\" alt=\"\" srcset=\"https:\/\/planmur.com.br\/wp-content\/uploads\/2018\/07\/FIG_PLMB_06-300x213.jpg 300w, https:\/\/planmur.com.br\/wp-content\/uploads\/2018\/07\/FIG_PLMB_06.jpg 700w\" sizes=\"auto, (max-width: 300px) 100vw, 300px\" \/><\/a>\n\t\t\t<\/div><\/figure><figure class='gallery-item'>\n\t\t\t<div class='gallery-icon landscape'>\n\t\t\t\t<a href='https:\/\/planmur.com.br\/wp-content\/uploads\/2018\/07\/FIG_PLMB_07.jpg' title=\"\" data-rl_title=\"\" class=\"rl-gallery-link\" data-rl_caption=\"\" data-rel=\"lightbox-gallery-2\"><img loading=\"lazy\" decoding=\"async\" width=\"300\" height=\"213\" src=\"https:\/\/planmur.com.br\/wp-content\/uploads\/2018\/07\/FIG_PLMB_07-300x213.jpg\" class=\"attachment-medium size-medium\" alt=\"\" srcset=\"https:\/\/planmur.com.br\/wp-content\/uploads\/2018\/07\/FIG_PLMB_07-300x213.jpg 300w, https:\/\/planmur.com.br\/wp-content\/uploads\/2018\/07\/FIG_PLMB_07.jpg 700w\" sizes=\"auto, (max-width: 300px) 100vw, 300px\" \/><\/a>\n\t\t\t<\/div><\/figure>\n\t\t<\/div>\n<\/p>\n<p style=\"text-align: justify;\"><span style=\"font-family: helvetica, arial, sans-serif; font-size: 14px;\"><strong>Descri\u00e7\u00e3o:<\/strong> Em parceria com o Ruaviva - Instituto da Mobilidade Sustent\u00e1vel, participamos da elabora\u00e7\u00e3o do Plano de Mobilidade Urbana de Hortol\u00e2ndia, munic\u00edpio de cerca de 207 mil habitantes (dados da \u00e9poca).<br \/>\n<\/span><\/p>\n<p><span style=\"font-family: helvetica, arial, sans-serif; font-size: 14px;\"><strong>Localiza\u00e7\u00e3o:\u00a0<\/strong>Hortol\u00e2ndia- SP<\/span><\/p>\n<p><span style=\"font-family: helvetica, arial, sans-serif; font-size: 14px;\"><strong>Contratante: <\/strong>Ruaviva - Instituto da Mobilidade Sustent\u00e1vel<br \/>\n<\/span><\/p>\n<p><span style=\"font-family: helvetica, arial, sans-serif; font-size: 14px;\"><strong>Elabora\u00e7\u00e3o:<\/strong> Novembro\/2014<br \/>\n<\/span><\/p>\n<p><span style=\"font-family: helvetica, arial, sans-serif; font-size: 14px;\"><strong>Aprova\u00e7\u00e3o:<\/strong> Maio\/2016<br \/>\n<\/span><\/p>\n<p><span style=\"font-family: helvetica, arial, sans-serif; font-size: 14px;\"><strong>C\u00f3d Planmur :<\/strong> 2014-115<br \/>\n<\/span><\/p>\n<p>&nbsp;<\/p>\n<p><span style=\"font-family: helvetica, arial, sans-serif;\"><strong>003 Revis\u00e3o de Lei de PGT em Ara\u00e7oiaba da Serra<br \/>\n<\/strong><\/span><\/p>\n<p><div id='gallery-3' class='gallery galleryid-607 gallery-columns-1 gallery-size-medium'><figure class='gallery-item'>\n\t\t\t<div class='gallery-icon landscape'>\n\t\t\t\t<a href='https:\/\/planmur.com.br\/wp-content\/uploads\/2018\/07\/FIG_PLMB_08.jpg' title=\"\" data-rl_title=\"\" class=\"rl-gallery-link\" data-rl_caption=\"\" data-rel=\"lightbox-gallery-3\"><img loading=\"lazy\" decoding=\"async\" width=\"300\" height=\"266\" src=\"https:\/\/planmur.com.br\/wp-content\/uploads\/2018\/07\/FIG_PLMB_08-300x266.jpg\" class=\"attachment-medium size-medium\" alt=\"\" srcset=\"https:\/\/planmur.com.br\/wp-content\/uploads\/2018\/07\/FIG_PLMB_08-300x266.jpg 300w, https:\/\/planmur.com.br\/wp-content\/uploads\/2018\/07\/FIG_PLMB_08.jpg 700w\" sizes=\"auto, (max-width: 300px) 100vw, 300px\" \/><\/a>\n\t\t\t<\/div><\/figure>\n\t\t<\/div>\n<\/p>\n<p style=\"text-align: justify;\"><span style=\"font-family: helvetica, arial, sans-serif; font-size: 14px;\"><strong>Descri\u00e7\u00e3o:<\/strong> Revis\u00e3o da legisla\u00e7\u00e3o de Polos Geradores de Tr\u00e1fego em Ara\u00e7oiaba da Serra, estabelecendo par\u00e2metros claros de an\u00e1lise e de necessidade de elabora\u00e7\u00e3o de Relat\u00f3rio de Impactos de Tr\u00e2nsito (RIT)s.<br \/>\n<\/span><\/p>\n<p><span style=\"font-family: helvetica, arial, sans-serif; font-size: 14px;\"><strong>Localiza\u00e7\u00e3o:\u00a0<\/strong>Ara\u00e7oiaba da Serra- SP<\/span><\/p>\n<p><span style=\"font-family: helvetica, arial, sans-serif; font-size: 14px;\"><strong>Contratante: <\/strong>Ruaviva - Instituto da Mobilidade Sustent\u00e1vel<br \/>\n<\/span><\/p>\n<p><span style=\"font-family: helvetica, arial, sans-serif; font-size: 14px;\"><strong>Elabora\u00e7\u00e3o:<\/strong> Maio\/2014<br \/>\n<\/span><\/p>\n<p><span style=\"font-family: helvetica, arial, sans-serif; font-size: 14px;\"><strong>Aprova\u00e7\u00e3o:<\/strong> Fevereiro\/2015<br \/>\n<\/span><\/p>\n<p><span style=\"font-family: helvetica, arial, sans-serif; font-size: 14px;\"><strong>C\u00f3d Planmur :<\/strong> Aditamento Ara\u00e7oiaba<br \/>\n<\/span><\/p>\n<\/div><\/div><\/div><div id=\"pgc-607-0-2\"  class=\"panel-grid-cell panel-grid-cell-empty\" ><\/div><\/div><\/div>","protected":false},"excerpt":{"rendered":"<p>001 Revis\u00e3o de Lei de PGT em S\u00e3o Jos\u00e9 dos Campos Descri\u00e7\u00e3o: Revis\u00e3o da legisla\u00e7\u00e3o de Polos Geradores de Tr\u00e1fego em S\u00e3o Jos\u00e9 dos Campos, estabelecendo par\u00e2metros claros de an\u00e1lise e de necessidade de elabora\u00e7\u00e3o de Relat\u00f3rio de Impactos de<\/p>\n","protected":false},"author":1,"featured_media":0,"parent":0,"menu_order":131,"comment_status":"closed","ping_status":"closed","template":"","meta":{"footnotes":""},"class_list":["post-607","page","type-page","status-publish","hentry"],"_links":{"self":[{"href":"https:\/\/planmur.com.br\/index.php?rest_route=\/wp\/v2\/pages\/607","targetHints":{"allow":["GET"]}}],"collection":[{"href":"https:\/\/planmur.com.br\/index.php?rest_route=\/wp\/v2\/pages"}],"about":[{"href":"https:\/\/planmur.com.br\/index.php?rest_route=\/wp\/v2\/types\/page"}],"author":[{"embeddable":true,"href":"https:\/\/planmur.com.br\/index.php?rest_route=\/wp\/v2\/users\/1"}],"replies":[{"embeddable":true,"href":"https:\/\/planmur.com.br\/index.php?rest_route=%2Fwp%2Fv2%2Fcomments&post=607"}],"version-history":[{"count":17,"href":"https:\/\/planmur.com.br\/index.php?rest_route=\/wp\/v2\/pages\/607\/revisions"}],"predecessor-version":[{"id":634,"href":"https:\/\/planmur.com.br\/index.php?rest_route=\/wp\/v2\/pages\/607\/revisions\/634"}],"wp:attachment":[{"href":"https:\/\/planmur.com.br\/index.php?rest_route=%2Fwp%2Fv2%2Fmedia&parent=607"}],"curies":[{"name":"wp","href":"https:\/\/api.w.org\/{rel}","templated":true}]}}